{"id":878,"date":"2023-08-16T12:15:59","date_gmt":"2023-08-16T10:15:59","guid":{"rendered":"https:\/\/bpf.flaw.uniba.sk\/?page_id=878"},"modified":"2023-09-09T17:51:13","modified_gmt":"2023-09-09T15:51:13","slug":"plenarne-zasadnutie","status":"publish","type":"page","link":"https:\/\/bpf2023.flaw.uniba.sk\/en\/plenarne-zasadnutie\/","title":{"rendered":"Plenary session"},"content":{"rendered":"<h2 class=\"wp-block-heading has-text-align-center\">I. panel discussion<\/h2>\n\n\n\n<h2 class=\"wp-block-heading alignwide has-text-align-center\">Artificial Intelligence as a Challenge for Law, Legal Education and the Rule of Law<\/h2>\n\n\n\n<p>The artificial intelligence represents one of the biggest challenges for society as a whole, and this phenomenon does not bypass the law, for which it represents several challenges. One of the key ones is balanced regulation, which tries to limit unwanted risks and at the same time does not reduce the innovation potential of the industry. In the spring of 2021, the European Union presented AI in a comprehensive regulation in the form of the draft Act on Artificial Intelligence. We will discuss with our guests what are the advantages and disadvantages of this upcoming regulation. At the same time, AI itself represents a requirement for democracy, electoral processes and, last but not least, the rule of law, whether it is the implementation of automated processes in public administration or the dissemination of information on social media. Last but not least, AI also represents a need for lawyers and legal education. Will AI replace lawyers? What is the use of AI in the education of lawyers or in practice? We will also discuss these topics with our guests.<\/p>\n\n\n\n<p>Moderator of the panel discussion: <strong>JUDr. Mat\u00fa\u0161 Mesar\u010d\u00edk, PhD., LL.M.<\/strong><\/p>\n\n\n\n<p>Guests:<\/p>\n\n\n\n<div class=\"wp-block-media-text is-stacked-on-mobile\" style=\"grid-template-columns:17% auto\"><figure class=\"wp-block-media-text__media\"><img fetchpriority=\"high\" decoding=\"async\" width=\"821\" height=\"1000\" src=\"https:\/\/bpf.flaw.uniba.sk\/wp-content\/uploads\/2023\/08\/Silvia-Belovic\u030cova\u0301.jpg\" alt=\"\" class=\"wp-image-903 size-thumbnail\" srcset=\"https:\/\/bpf2023.flaw.uniba.sk\/wp-content\/uploads\/2023\/08\/Silvia-Belovic\u030cova\u0301.jpg 821w, https:\/\/bpf2023.flaw.uniba.sk\/wp-content\/uploads\/2023\/08\/Silvia-Belovic\u030cova\u0301-246x300.jpg 246w, https:\/\/bpf2023.flaw.uniba.sk\/wp-content\/uploads\/2023\/08\/Silvia-Belovic\u030cova\u0301-768x935.jpg 768w, https:\/\/bpf2023.flaw.uniba.sk\/wp-content\/uploads\/2023\/08\/Silvia-Belovic\u030cova\u0301-10x12.jpg 10w\" sizes=\"(max-width: 821px) 100vw, 821px\" \/><\/figure><div class=\"wp-block-media-text__content\">\n<p><strong>Mgr. Silvia Belovi\u010dov\u00e1, LL.M<\/strong><\/p>\n\n\n\n<p><strong>advok\u00e1tka<\/strong><\/p>\n<\/div><\/div>\n\n\n\n<p>Silvia Belovi\u010dov\u00e1 is a lawyer in the field of finance and technology, focusing on the regulatory framework for financial technologies, cryptocurrencies, artificial intelligence. As a lawyer and partner she has gained an experience in several international law firms. In present she cooperates with the Slovak Center for Artificial Intelligence Research (Slovak-AI), where she focuses on the challenges brought by new technologies and artificial intelligence, and within the working group for regulation and ethics she helped formulate strategies for artificial intelligence in the Slovak action plan for digitization.<\/p>\n\n\n\n<div class=\"wp-block-media-text is-stacked-on-mobile\" style=\"grid-template-columns:19% auto\"><figure class=\"wp-block-media-text__media\"><img decoding=\"async\" width=\"538\" height=\"480\" src=\"https:\/\/bpf.flaw.uniba.sk\/wp-content\/uploads\/2023\/08\/Toma\u0301s\u030c-Jucha.png\" alt=\"\" class=\"wp-image-904 size-thumbnail\" srcset=\"https:\/\/bpf2023.flaw.uniba.sk\/wp-content\/uploads\/2023\/08\/Toma\u0301s\u030c-Jucha.png 538w, https:\/\/bpf2023.flaw.uniba.sk\/wp-content\/uploads\/2023\/08\/Toma\u0301s\u030c-Jucha-300x268.png 300w, https:\/\/bpf2023.flaw.uniba.sk\/wp-content\/uploads\/2023\/08\/Toma\u0301s\u030c-Jucha-13x12.png 13w\" sizes=\"(max-width: 538px) 100vw, 538px\" \/><\/figure><div class=\"wp-block-media-text__content\">\n<p><strong>JUDr. Tom\u00e1\u0161 Jucha, MSc.<\/strong><\/p>\n\n\n\n<p><strong>Senior Policy Manager, AmCham Slovakia<\/strong><\/p>\n<\/div><\/div>\n\n\n\n<p>Tom\u00e1\u0161 Jucha as a Senior Policy Manager at AmCham covers the digital policies, needs and aspects of the digital transformation of Slovakia and its economy. In the past he was for 4 years a leader of the team at the ministry for the informatization of the company. His expert team was responsible for covering the creation of national and international digital policies, the support and development of artificial intelligence in Slovakia, as well as the development of digital skills<\/p>\n\n\n\n<div class=\"wp-block-media-text is-stacked-on-mobile\" style=\"grid-template-columns:19% auto\"><figure class=\"wp-block-media-text__media\"><img decoding=\"async\" width=\"902\" height=\"1024\" src=\"https:\/\/bpf.flaw.uniba.sk\/wp-content\/uploads\/2023\/09\/Kotuliak_foto_BPF-2023-902x1024.jpg\" alt=\"\" class=\"wp-image-935 size-thumbnail\" srcset=\"https:\/\/bpf2023.flaw.uniba.sk\/wp-content\/uploads\/2023\/09\/Kotuliak_foto_BPF-2023-902x1024.jpg 902w, https:\/\/bpf2023.flaw.uniba.sk\/wp-content\/uploads\/2023\/09\/Kotuliak_foto_BPF-2023-264x300.jpg 264w, https:\/\/bpf2023.flaw.uniba.sk\/wp-content\/uploads\/2023\/09\/Kotuliak_foto_BPF-2023-768x872.jpg 768w, https:\/\/bpf2023.flaw.uniba.sk\/wp-content\/uploads\/2023\/09\/Kotuliak_foto_BPF-2023-11x12.jpg 11w, https:\/\/bpf2023.flaw.uniba.sk\/wp-content\/uploads\/2023\/09\/Kotuliak_foto_BPF-2023.jpg 1057w\" sizes=\"(max-width: 902px) 100vw, 902px\" \/><\/figure><div class=\"wp-block-media-text__content\">\n<p><strong>prof. Ing. Ivan Kotuliak, PhD.<\/strong><\/p>\n\n\n\n<p><strong>Dean,<\/strong> <strong>Faculty of Informatics and Information Technologies, Slovak Technical University<br>in Bratislava<\/strong><\/p>\n<\/div><\/div>\n\n\n\n<p>Ivan Kotuliak p\u00f4sob\u00ed ako dekan FIIT STU a s\u00fa\u010dasne p\u00f4sob\u00ed aj ako odborn\u00fd z\u00e1stupca SR pre European Blockchain Partnership pri EK a z\u00e1rove\u0148 aj ako Slovensk\u00fd z\u00e1stupca Information for All programu Slovenskej Komisie UNESCA. Titul PhD z\u00edskal na Univerzite vo Versailles v odbore informatika, ako aj na FEI STU v&nbsp;odbore telekomunik\u00e1cie. Poz\u00edcie v\u00fdskumn\u00e9ho pracovn\u00edka sa ujal v roku 2002, nesk\u00f4r p\u00f4sobil ako odborn\u00fd asistent a od roka 2019 je profesorom na fakulte FIIT STU. Jeho v\u00fdskumn\u00e1 \u010dinnos\u0165 je zameran\u00e1 na v\u00fdkonnos\u0165 komunika\u010dn\u00fdch siet\u00ed, architekt\u00fary NGN siet\u00ed, mobiln\u00e9 a bezdr\u00f4tov\u00e9 siete. V&nbsp;s\u00fa\u010dasnosti sa zaober\u00e1 technol\u00f3giou Blockchain a Sie\u0165ami na doru\u010dovanie obsahu CDN, kde je spoluautorom \u0161tandardu ETSI, a&nbsp;zameriava sa aj na Softv\u00e9rovo definovan\u00e9 siete (SDN). Z\u00e1rove\u0148 je spoluautorom viac ako 50 vedeck\u00fdch publik\u00e1ci\u00ed. Ako hlavn\u00fd rie\u0161ite\u013e, ale i&nbsp;be\u017en\u00fd rie\u0161ite\u013e sa z\u00fa\u010dastnil mnoh\u00fdch medzin\u00e1rodn\u00fdch a n\u00e1rodn\u00fdch v\u00fdskumn\u00fdch projektov (viac ako 20).<\/p>\n\n\n\n<div class=\"wp-block-media-text is-stacked-on-mobile\" style=\"grid-template-columns:19% auto\"><figure class=\"wp-block-media-text__media\"><img loading=\"lazy\" decoding=\"async\" width=\"1024\" height=\"683\" src=\"https:\/\/bpf.flaw.uniba.sk\/wp-content\/uploads\/2023\/08\/Farkas-1024x683.jpg\" alt=\"\" class=\"wp-image-916 size-thumbnail\" srcset=\"https:\/\/bpf2023.flaw.uniba.sk\/wp-content\/uploads\/2023\/08\/Farkas-1024x683.jpg 1024w, https:\/\/bpf2023.flaw.uniba.sk\/wp-content\/uploads\/2023\/08\/Farkas-300x200.jpg 300w, https:\/\/bpf2023.flaw.uniba.sk\/wp-content\/uploads\/2023\/08\/Farkas-768x512.jpg 768w, https:\/\/bpf2023.flaw.uniba.sk\/wp-content\/uploads\/2023\/08\/Farkas-1536x1024.jpg 1536w, https:\/\/bpf2023.flaw.uniba.sk\/wp-content\/uploads\/2023\/08\/Farkas-2048x1365.jpg 2048w, https:\/\/bpf2023.flaw.uniba.sk\/wp-content\/uploads\/2023\/08\/Farkas-18x12.jpg 18w, https:\/\/bpf2023.flaw.uniba.sk\/wp-content\/uploads\/2023\/08\/Farkas-1200x800.jpg 1200w, https:\/\/bpf2023.flaw.uniba.sk\/wp-content\/uploads\/2023\/08\/Farkas-1980x1320.jpg 1980w\" sizes=\"(max-width: 1024px) 100vw, 1024px\" \/><\/figure><div class=\"wp-block-media-text__content\">\n<p><strong>prof. Ing. Igor Farka\u0161, Dr.<\/strong><\/p>\n\n\n\n<p><strong>professor, Department of Applied Informatics, Faculty of Mathematics, Physics and Informatics, Comenius University in Bratislava<\/strong><\/p>\n<\/div><\/div>\n\n\n\n<p>Igor Farka\u0161 graduated from Slovak Technical University in Bratislava from technical cybernetics. Since 2003 he has been working at the Faculty of Mathematics, Physics and Informatics of the Comenius University in Bratislava. He holds the prestigious Fulbright and Humboldt Foundation scholarships. His interest is focus on the research areas of cognitive science and artificial intelligence, which are thematically connected. He specializes in researching artificial neural network models and their use, especially in the field of cognitive robotics.<\/p>\n\n\n\n<p><\/p>\n\n\n\n<h2 class=\"wp-block-heading has-text-align-center\">II. panel discussion<\/h2>\n\n\n\n<h2 class=\"wp-block-heading alignwide has-text-align-center\">Criminal Law and the Rule of Law<\/h2>\n\n\n\n<p>Criminal law and the rule of law are two concepts that cannot exist without each other. The Constitution of the Slovak Republic, the Criminal Code and the Criminal Code emphasize this fact in many of their provisions. But what are the problems of the rule of law in the field of criminal law? Is the principle of legality observed in all circumstances? What challenges await the Slovak and Czech Republic in the field of criminal law in the future? We will take an opportunity to find answers to these and many other questions in the part of the plenary session entitled: \"Criminal law and the rule of law.\"<em>Criminal law and the rule of law<\/em>\u201c<\/p>\n\n\n\n<p>Moderator of the panel discussion: <strong>prof. JUDr. Tom\u00e1\u0161 Str\u00e9my, PhD.<\/strong><\/p>\n\n\n\n<p>Guests:<\/p>\n\n\n\n<div class=\"wp-block-media-text is-stacked-on-mobile\" style=\"grid-template-columns:15% auto\"><figure class=\"wp-block-media-text__media\"><img loading=\"lazy\" decoding=\"async\" width=\"768\" height=\"1024\" src=\"https:\/\/bpf.flaw.uniba.sk\/wp-content\/uploads\/2023\/08\/2JIR2693-768x1024.jpg\" alt=\"\" class=\"wp-image-897 size-thumbnail\" srcset=\"https:\/\/bpf2023.flaw.uniba.sk\/wp-content\/uploads\/2023\/08\/2JIR2693-768x1024.jpg 768w, https:\/\/bpf2023.flaw.uniba.sk\/wp-content\/uploads\/2023\/08\/2JIR2693-225x300.jpg 225w, https:\/\/bpf2023.flaw.uniba.sk\/wp-content\/uploads\/2023\/08\/2JIR2693-1152x1536.jpg 1152w, https:\/\/bpf2023.flaw.uniba.sk\/wp-content\/uploads\/2023\/08\/2JIR2693-1536x2048.jpg 1536w, https:\/\/bpf2023.flaw.uniba.sk\/wp-content\/uploads\/2023\/08\/2JIR2693-9x12.jpg 9w, https:\/\/bpf2023.flaw.uniba.sk\/wp-content\/uploads\/2023\/08\/2JIR2693-1200x1600.jpg 1200w, https:\/\/bpf2023.flaw.uniba.sk\/wp-content\/uploads\/2023\/08\/2JIR2693-1980x2640.jpg 1980w, https:\/\/bpf2023.flaw.uniba.sk\/wp-content\/uploads\/2023\/08\/2JIR2693-scaled.jpg 1920w\" sizes=\"(max-width: 768px) 100vw, 768px\" \/><\/figure><div class=\"wp-block-media-text__content\">\n<p><strong>JUDr. Petr Angyalossy, Ph.D.<\/strong><\/p>\n\n\n\n<p><strong>President, Supreme Court of the Czech Republic<\/strong><\/p>\n<\/div><\/div>\n\n\n\n<p>In 1996 he was appointed as a judge and from that year he served as chairman of the senate at the District Court in Olomouc. In the years 1999 \u2013 2004, he was the chairman of the Senate of the Regional Court in Ostrava with a branch in Olomouc. In 2004 he became a judge of the High Court in Olomouc, later the president of the Senate, at the same time he was the press spokesman of the High Court in Olomouc for ten years. On April 1th 2017 he was appointed as a judge of the panel of the criminal panel of the Supreme Court, and since the summer of 2018 he has been the chairman of the panel of the criminal panel of the Supreme Court. Already in his first year at the Supreme Court, he was appointed as an ad hoc judge for the Czech Republic in the joint supervisory body of Eurojust. He led the working group that prepared the Code of Ethics for judges of the Czech Republic in 2020. JUDr. Peter Angyalossy, PhD., was appointed as the President of the Supreme Court by the President of the Czech Republic Milo\u0161 Zeman on May 20th 2020 for a period of 10 years.<\/p>\n\n\n\n<div class=\"wp-block-media-text is-stacked-on-mobile\" style=\"grid-template-columns:15% auto\"><figure class=\"wp-block-media-text__media\"><img loading=\"lazy\" decoding=\"async\" width=\"600\" height=\"807\" src=\"https:\/\/bpf.flaw.uniba.sk\/wp-content\/uploads\/2023\/08\/Burda.jpg\" alt=\"\" class=\"wp-image-885 size-full\" srcset=\"https:\/\/bpf2023.flaw.uniba.sk\/wp-content\/uploads\/2023\/08\/Burda.jpg 600w, https:\/\/bpf2023.flaw.uniba.sk\/wp-content\/uploads\/2023\/08\/Burda-223x300.jpg 223w, https:\/\/bpf2023.flaw.uniba.sk\/wp-content\/uploads\/2023\/08\/Burda-9x12.jpg 9w\" sizes=\"(max-width: 600px) 100vw, 600px\" \/><\/figure><div class=\"wp-block-media-text__content\">\n<p><strong>doc. JUDr. Eduard Burda, PhD.<\/strong><\/p>\n\n\n\n<p><strong>Dean, Faculty of Law,<\/strong> <strong>Comenius University<\/strong> <strong>in Bratislava<\/strong><\/p>\n<\/div><\/div>\n\n\n\n<p>He is a graduate of the Faculty of Law of the Comenius University in Bratislava. Since 2004, he has been working at the Department of Criminal Law, Criminology and Criminology. In his scientific work he focuses on the issue of criminal law in connection with other legal and non-legal scientific fields. He has published more than seven dozen scientific papers, two scientific monographs \"Criminal offenses against life and health compared to the old and recoded Criminal Code\" in 2006 and \"Necessary defense and other circumstances excluding the illegality of the act\" in 2013. He is the head of the author collective of the scientific commentary to the Criminal Code from the publishing house C. H. Beck, head of the author collective of the commentary on the Law on Criminal Liability of Legal Entities and co-author of the commentary on the Criminal Code. By his pedagogical work he attempts to connect theory and practical knowledge and introduce innovative teaching methods. He is currently serving his third term as dean of the Faculty of Law of the Comenius University in Bratislava.<\/p>\n\n\n\n<div class=\"wp-block-media-text is-stacked-on-mobile\" style=\"grid-template-columns:15% auto\"><figure class=\"wp-block-media-text__media\"><img loading=\"lazy\" decoding=\"async\" width=\"600\" height=\"846\" src=\"https:\/\/bpf.flaw.uniba.sk\/wp-content\/uploads\/2023\/08\/Puchalla.jpg\" alt=\"\" class=\"wp-image-886 size-full\" srcset=\"https:\/\/bpf2023.flaw.uniba.sk\/wp-content\/uploads\/2023\/08\/Puchalla.jpg 600w, https:\/\/bpf2023.flaw.uniba.sk\/wp-content\/uploads\/2023\/08\/Puchalla-213x300.jpg 213w, https:\/\/bpf2023.flaw.uniba.sk\/wp-content\/uploads\/2023\/08\/Puchalla-9x12.jpg 9w\" sizes=\"(max-width: 600px) 100vw, 600px\" \/><\/figure><div class=\"wp-block-media-text__content\">\n<p><strong>JUDr. Martin Puchalla, PhD.<\/strong><\/p>\n\n\n\n<p><strong>Chairman, Slovak Bar Association<\/strong><\/p>\n<\/div><\/div>\n\n\n\n<p>He successfully graduated from the Faculty of Law of the University of Pavel Jozef \u0160af\u00e1rik in Ko\u0161ice in 2001, a year later he obtained the academic title JUDr. Currently he works as a lawyer. In the period of 2005 \u2013 2008 he worked at the Faculty of Law of the University of Pavel Jozef \u0160af\u00e1rik in Ko\u0161ice, namely at the Department of Criminal Law, where he defended his dissertation on the topic \"Defence in pretrial proceedings\". He is a co-author of the teaching texts of the UPJ\u0160 Faculty of Law in Ko\u0161ice under the title \"Criminal procedural law\". He publishes in several professional magazines, he is engaged in lecturing. He has been a member of the Presidium of the Slovak Bar Association since 2017. From June 2021 he was the vice-chairman of the Slovak Bar Association and from September 2022 he is the chairman of the Slovak Bar Association. He was a member of the disciplinary panel of the Slovak Bar Association and a member of the European Criminal Bar Association (ECBA) based in London. He is the chairman of the SAK working group for criminal law, the chairman of the SAK examination panel and a member of the SAK working group for foreign relations. Since 2012, he has been a member of the commission of the Ministry of Justice of the Slovak Republic for the recodification of substantive criminal law.<\/p>\n\n\n\n<div class=\"wp-block-media-text is-stacked-on-mobile\" style=\"grid-template-columns:19% auto\"><figure class=\"wp-block-media-text__media\"><img loading=\"lazy\" decoding=\"async\" width=\"351\" height=\"527\" src=\"https:\/\/bpf.flaw.uniba.sk\/wp-content\/uploads\/2023\/08\/JUDr_Jozef_Kandera.jpg\" alt=\"\" class=\"wp-image-915 size-thumbnail\" srcset=\"https:\/\/bpf2023.flaw.uniba.sk\/wp-content\/uploads\/2023\/08\/JUDr_Jozef_Kandera.jpg 351w, https:\/\/bpf2023.flaw.uniba.sk\/wp-content\/uploads\/2023\/08\/JUDr_Jozef_Kandera-200x300.jpg 200w, https:\/\/bpf2023.flaw.uniba.sk\/wp-content\/uploads\/2023\/08\/JUDr_Jozef_Kandera-8x12.jpg 8w\" sizes=\"(max-width: 351px) 100vw, 351px\" \/><\/figure><div class=\"wp-block-media-text__content\">\n<p><strong>JUDr. Jozef Kandera<\/strong><\/p>\n\n\n\n<p><strong>First Deputy of the General Prosecutor, General Prosecutor's Office of the Slovak Republic<\/strong> <\/p>\n<\/div><\/div>\n\n\n\n<p>He completed his law studies at the Comenius University in Bratislava in 1984. Between 1990 and 1994 he worked at the former City Court in Bratislava. Subsequently, he became a judge of the Supreme Court of the Slovak Republic and also the chairman of one of the senates. Since 2010, he has been working at the General Prosecutor's Office of the Slovak Republic (GP SR). He successively held the positions of prosecutor of the criminal department of the General Prosecutor's Office of the Slovak Republic, before that he was the head of the violent and general crime department of the criminal department of the General Prosecutor's Office of the Slovak Republic, and in 2013 he was also appointed as the director of the special purpose department of the General Prosecutor's Office of the Slovak Republic. Since September 2021 he has taken a possition of the first deputy of the Prosecutor General of the Slovak Republic.<\/p>\n\n\n\n<p><\/p>\n\n\n\n<figure class=\"wp-block-image size-large\"><img loading=\"lazy\" decoding=\"async\" width=\"724\" height=\"1024\" src=\"https:\/\/bpf.flaw.uniba.sk\/wp-content\/uploads\/2023\/09\/BPF-2023_logo_publisher.pub_aktualizovane-1-724x1024.jpg\" alt=\"\" class=\"wp-image-1002\" srcset=\"https:\/\/bpf2023.flaw.uniba.sk\/wp-content\/uploads\/2023\/09\/BPF-2023_logo_publisher.pub_aktualizovane-1-724x1024.jpg 724w, https:\/\/bpf2023.flaw.uniba.sk\/wp-content\/uploads\/2023\/09\/BPF-2023_logo_publisher.pub_aktualizovane-1-212x300.jpg 212w, https:\/\/bpf2023.flaw.uniba.sk\/wp-content\/uploads\/2023\/09\/BPF-2023_logo_publisher.pub_aktualizovane-1-768x1086.jpg 768w, https:\/\/bpf2023.flaw.uniba.sk\/wp-content\/uploads\/2023\/09\/BPF-2023_logo_publisher.pub_aktualizovane-1-1086x1536.jpg 1086w, https:\/\/bpf2023.flaw.uniba.sk\/wp-content\/uploads\/2023\/09\/BPF-2023_logo_publisher.pub_aktualizovane-1-8x12.jpg 8w, https:\/\/bpf2023.flaw.uniba.sk\/wp-content\/uploads\/2023\/09\/BPF-2023_logo_publisher.pub_aktualizovane-1-1200x1697.jpg 1200w, https:\/\/bpf2023.flaw.uniba.sk\/wp-content\/uploads\/2023\/09\/BPF-2023_logo_publisher.pub_aktualizovane-1.jpg 1240w\" sizes=\"(max-width: 724px) 100vw, 724px\" \/><\/figure>\n\n\n\n<h2 class=\"wp-block-heading has-text-align-center\"><\/h2>","protected":false},"excerpt":{"rendered":"<p>I. panelov\u00e1 diskusia Umel\u00e1 inteligencia ako v\u00fdzva pre pr\u00e1vo, pr\u00e1vnick\u00e9 vzdel\u00e1vanie a&nbsp;pr\u00e1vny \u0161t\u00e1t Umel\u00e1 inteligencia predstavuje jednu z&nbsp;najv\u00e4\u010d\u0161\u00edch v\u00fdziev pre spolo\u010dnos\u0165 ako celok a&nbsp;tento fenom\u00e9n neobch\u00e1dza ani pr\u00e1vo, pre ktor\u00e9 predstavuje viacero v\u00fdziev. Jednou z&nbsp;k\u013e\u00fa\u010dov\u00fdch je vybalansovan\u00e1 regul\u00e1cia, ktor\u00e1 sa sna\u017e\u00ed o&nbsp;zamedzenie ne\u017eelan\u00fdch riz\u00edk a&nbsp;z\u00e1rove\u0148 nezni\u017euje inova\u010dn\u00fd potenci\u00e1l priemyslu. Eur\u00f3pska \u00fania na jar 2021 predstavila [&hellip;]<\/p>\n","protected":false},"author":2,"featured_media":0,"parent":0,"menu_order":0,"comment_status":"closed","ping_status":"closed","template":"templates\/template-full-width.php","meta":{"ngg_post_thumbnail":0,"footnotes":"[]"},"class_list":["post-878","page","type-page","status-publish","hentry"],"yoast_head":"<!-- This site is optimized with the Yoast SEO plugin v27.2 - https:\/\/yoast.com\/product\/yoast-seo-wordpress\/ -->\n<title>Plen\u00e1rne zasadnutie - BPF<\/title>\n<meta name=\"robots\" content=\"index, follow, max-snippet:-1, max-image-preview:large, max-video-preview:-1\" \/>\n<link rel=\"canonical\" href=\"https:\/\/bpf2023.flaw.uniba.sk\/en\/plenarne-zasadnutie\/\" \/>\n<meta property=\"og:locale\" content=\"en_US\" \/>\n<meta property=\"og:type\" content=\"article\" \/>\n<meta property=\"og:title\" content=\"Plen\u00e1rne zasadnutie - BPF\" \/>\n<meta property=\"og:description\" content=\"I. panelov\u00e1 diskusia Umel\u00e1 inteligencia ako v\u00fdzva pre pr\u00e1vo, pr\u00e1vnick\u00e9 vzdel\u00e1vanie a&nbsp;pr\u00e1vny \u0161t\u00e1t Umel\u00e1 inteligencia predstavuje jednu z&nbsp;najv\u00e4\u010d\u0161\u00edch v\u00fdziev pre spolo\u010dnos\u0165 ako celok a&nbsp;tento fenom\u00e9n neobch\u00e1dza ani pr\u00e1vo, pre ktor\u00e9 predstavuje viacero v\u00fdziev. Jednou z&nbsp;k\u013e\u00fa\u010dov\u00fdch je vybalansovan\u00e1 regul\u00e1cia, ktor\u00e1 sa sna\u017e\u00ed o&nbsp;zamedzenie ne\u017eelan\u00fdch riz\u00edk a&nbsp;z\u00e1rove\u0148 nezni\u017euje inova\u010dn\u00fd potenci\u00e1l priemyslu. Eur\u00f3pska \u00fania na jar 2021 predstavila [&hellip;]\" \/>\n<meta property=\"og:url\" content=\"https:\/\/bpf2023.flaw.uniba.sk\/en\/plenarne-zasadnutie\/\" \/>\n<meta property=\"og:site_name\" content=\"BPF\" \/>\n<meta property=\"article:modified_time\" content=\"2023-09-09T15:51:13+00:00\" \/>\n<meta property=\"og:image\" content=\"https:\/\/bpf.flaw.uniba.sk\/wp-content\/uploads\/2023\/09\/Kotuliak_foto_BPF-2023-902x1024.jpg\" \/>\n<meta name=\"twitter:card\" content=\"summary_large_image\" \/>\n<meta name=\"twitter:label1\" content=\"Est. reading time\" \/>\n\t<meta name=\"twitter:data1\" content=\"9 minutes\" \/>\n<script type=\"application\/ld+json\" class=\"yoast-schema-graph\">{\"@context\":\"https:\/\/schema.org\",\"@graph\":[{\"@type\":\"WebPage\",\"@id\":\"https:\/\/bpf2023.flaw.uniba.sk\/plenarne-zasadnutie\/\",\"url\":\"https:\/\/bpf2023.flaw.uniba.sk\/plenarne-zasadnutie\/\",\"name\":\"Plen\u00e1rne zasadnutie - BPF\",\"isPartOf\":{\"@id\":\"https:\/\/bpf2023.flaw.uniba.sk\/#website\"},\"primaryImageOfPage\":{\"@id\":\"https:\/\/bpf2023.flaw.uniba.sk\/plenarne-zasadnutie\/#primaryimage\"},\"image\":{\"@id\":\"https:\/\/bpf2023.flaw.uniba.sk\/plenarne-zasadnutie\/#primaryimage\"},\"thumbnailUrl\":\"https:\/\/bpf.flaw.uniba.sk\/wp-content\/uploads\/2023\/09\/Kotuliak_foto_BPF-2023-902x1024.jpg\",\"datePublished\":\"2023-08-16T10:15:59+00:00\",\"dateModified\":\"2023-09-09T15:51:13+00:00\",\"breadcrumb\":{\"@id\":\"https:\/\/bpf2023.flaw.uniba.sk\/plenarne-zasadnutie\/#breadcrumb\"},\"inLanguage\":\"en-US\",\"potentialAction\":[{\"@type\":\"ReadAction\",\"target\":[\"https:\/\/bpf2023.flaw.uniba.sk\/plenarne-zasadnutie\/\"]}]},{\"@type\":\"ImageObject\",\"inLanguage\":\"en-US\",\"@id\":\"https:\/\/bpf2023.flaw.uniba.sk\/plenarne-zasadnutie\/#primaryimage\",\"url\":\"https:\/\/bpf.flaw.uniba.sk\/wp-content\/uploads\/2023\/09\/Kotuliak_foto_BPF-2023-902x1024.jpg\",\"contentUrl\":\"https:\/\/bpf.flaw.uniba.sk\/wp-content\/uploads\/2023\/09\/Kotuliak_foto_BPF-2023-902x1024.jpg\"},{\"@type\":\"BreadcrumbList\",\"@id\":\"https:\/\/bpf2023.flaw.uniba.sk\/plenarne-zasadnutie\/#breadcrumb\",\"itemListElement\":[{\"@type\":\"ListItem\",\"position\":1,\"name\":\"Home\",\"item\":\"https:\/\/bpf2023.flaw.uniba.sk\/\"},{\"@type\":\"ListItem\",\"position\":2,\"name\":\"Plen\u00e1rne zasadnutie\"}]},{\"@type\":\"WebSite\",\"@id\":\"https:\/\/bpf2023.flaw.uniba.sk\/#website\",\"url\":\"https:\/\/bpf2023.flaw.uniba.sk\/\",\"name\":\"BPF\",\"description\":\"\",\"publisher\":{\"@id\":\"https:\/\/bpf2023.flaw.uniba.sk\/#organization\"},\"potentialAction\":[{\"@type\":\"SearchAction\",\"target\":{\"@type\":\"EntryPoint\",\"urlTemplate\":\"https:\/\/bpf2023.flaw.uniba.sk\/?s={search_term_string}\"},\"query-input\":{\"@type\":\"PropertyValueSpecification\",\"valueRequired\":true,\"valueName\":\"search_term_string\"}}],\"inLanguage\":\"en-US\"},{\"@type\":\"Organization\",\"@id\":\"https:\/\/bpf2023.flaw.uniba.sk\/#organization\",\"name\":\"BPF\",\"url\":\"https:\/\/bpf2023.flaw.uniba.sk\/\",\"logo\":{\"@type\":\"ImageObject\",\"inLanguage\":\"en-US\",\"@id\":\"https:\/\/bpf2023.flaw.uniba.sk\/#\/schema\/logo\/image\/\",\"url\":\"https:\/\/bpf2023.flaw.uniba.sk\/wp-content\/uploads\/2023\/02\/sk-bpf-cb.png\",\"contentUrl\":\"https:\/\/bpf2023.flaw.uniba.sk\/wp-content\/uploads\/2023\/02\/sk-bpf-cb.png\",\"width\":3149,\"height\":1061,\"caption\":\"BPF\"},\"image\":{\"@id\":\"https:\/\/bpf2023.flaw.uniba.sk\/#\/schema\/logo\/image\/\"}}]}<\/script>\n<!-- \/ Yoast SEO plugin. -->","yoast_head_json":{"title":"Plen\u00e1rne zasadnutie - BPF","robots":{"index":"index","follow":"follow","max-snippet":"max-snippet:-1","max-image-preview":"max-image-preview:large","max-video-preview":"max-video-preview:-1"},"canonical":"https:\/\/bpf2023.flaw.uniba.sk\/en\/plenarne-zasadnutie\/","og_locale":"en_US","og_type":"article","og_title":"Plen\u00e1rne zasadnutie - BPF","og_description":"I. panelov\u00e1 diskusia Umel\u00e1 inteligencia ako v\u00fdzva pre pr\u00e1vo, pr\u00e1vnick\u00e9 vzdel\u00e1vanie a&nbsp;pr\u00e1vny \u0161t\u00e1t Umel\u00e1 inteligencia predstavuje jednu z&nbsp;najv\u00e4\u010d\u0161\u00edch v\u00fdziev pre spolo\u010dnos\u0165 ako celok a&nbsp;tento fenom\u00e9n neobch\u00e1dza ani pr\u00e1vo, pre ktor\u00e9 predstavuje viacero v\u00fdziev. Jednou z&nbsp;k\u013e\u00fa\u010dov\u00fdch je vybalansovan\u00e1 regul\u00e1cia, ktor\u00e1 sa sna\u017e\u00ed o&nbsp;zamedzenie ne\u017eelan\u00fdch riz\u00edk a&nbsp;z\u00e1rove\u0148 nezni\u017euje inova\u010dn\u00fd potenci\u00e1l priemyslu. Eur\u00f3pska \u00fania na jar 2021 predstavila [&hellip;]","og_url":"https:\/\/bpf2023.flaw.uniba.sk\/en\/plenarne-zasadnutie\/","og_site_name":"BPF","article_modified_time":"2023-09-09T15:51:13+00:00","og_image":[{"url":"https:\/\/bpf.flaw.uniba.sk\/wp-content\/uploads\/2023\/09\/Kotuliak_foto_BPF-2023-902x1024.jpg","type":"","width":"","height":""}],"twitter_card":"summary_large_image","twitter_misc":{"Est. reading time":"9 minutes"},"schema":{"@context":"https:\/\/schema.org","@graph":[{"@type":"WebPage","@id":"https:\/\/bpf2023.flaw.uniba.sk\/plenarne-zasadnutie\/","url":"https:\/\/bpf2023.flaw.uniba.sk\/plenarne-zasadnutie\/","name":"Plen\u00e1rne zasadnutie - BPF","isPartOf":{"@id":"https:\/\/bpf2023.flaw.uniba.sk\/#website"},"primaryImageOfPage":{"@id":"https:\/\/bpf2023.flaw.uniba.sk\/plenarne-zasadnutie\/#primaryimage"},"image":{"@id":"https:\/\/bpf2023.flaw.uniba.sk\/plenarne-zasadnutie\/#primaryimage"},"thumbnailUrl":"https:\/\/bpf.flaw.uniba.sk\/wp-content\/uploads\/2023\/09\/Kotuliak_foto_BPF-2023-902x1024.jpg","datePublished":"2023-08-16T10:15:59+00:00","dateModified":"2023-09-09T15:51:13+00:00","breadcrumb":{"@id":"https:\/\/bpf2023.flaw.uniba.sk\/plenarne-zasadnutie\/#breadcrumb"},"inLanguage":"en-US","potentialAction":[{"@type":"ReadAction","target":["https:\/\/bpf2023.flaw.uniba.sk\/plenarne-zasadnutie\/"]}]},{"@type":"ImageObject","inLanguage":"en-US","@id":"https:\/\/bpf2023.flaw.uniba.sk\/plenarne-zasadnutie\/#primaryimage","url":"https:\/\/bpf.flaw.uniba.sk\/wp-content\/uploads\/2023\/09\/Kotuliak_foto_BPF-2023-902x1024.jpg","contentUrl":"https:\/\/bpf.flaw.uniba.sk\/wp-content\/uploads\/2023\/09\/Kotuliak_foto_BPF-2023-902x1024.jpg"},{"@type":"BreadcrumbList","@id":"https:\/\/bpf2023.flaw.uniba.sk\/plenarne-zasadnutie\/#breadcrumb","itemListElement":[{"@type":"ListItem","position":1,"name":"Home","item":"https:\/\/bpf2023.flaw.uniba.sk\/"},{"@type":"ListItem","position":2,"name":"Plen\u00e1rne zasadnutie"}]},{"@type":"WebSite","@id":"https:\/\/bpf2023.flaw.uniba.sk\/#website","url":"https:\/\/bpf2023.flaw.uniba.sk\/","name":"BLF","description":"","publisher":{"@id":"https:\/\/bpf2023.flaw.uniba.sk\/#organization"},"potentialAction":[{"@type":"SearchAction","target":{"@type":"EntryPoint","urlTemplate":"https:\/\/bpf2023.flaw.uniba.sk\/?s={search_term_string}"},"query-input":{"@type":"PropertyValueSpecification","valueRequired":true,"valueName":"search_term_string"}}],"inLanguage":"en-US"},{"@type":"Organization","@id":"https:\/\/bpf2023.flaw.uniba.sk\/#organization","name":"BLF","url":"https:\/\/bpf2023.flaw.uniba.sk\/","logo":{"@type":"ImageObject","inLanguage":"en-US","@id":"https:\/\/bpf2023.flaw.uniba.sk\/#\/schema\/logo\/image\/","url":"https:\/\/bpf2023.flaw.uniba.sk\/wp-content\/uploads\/2023\/02\/sk-bpf-cb.png","contentUrl":"https:\/\/bpf2023.flaw.uniba.sk\/wp-content\/uploads\/2023\/02\/sk-bpf-cb.png","width":3149,"height":1061,"caption":"BPF"},"image":{"@id":"https:\/\/bpf2023.flaw.uniba.sk\/#\/schema\/logo\/image\/"}}]}},"_links":{"self":[{"href":"https:\/\/bpf2023.flaw.uniba.sk\/en\/wp-json\/wp\/v2\/pages\/878","targetHints":{"allow":["GET"]}}],"collection":[{"href":"https:\/\/bpf2023.flaw.uniba.sk\/en\/wp-json\/wp\/v2\/pages"}],"about":[{"href":"https:\/\/bpf2023.flaw.uniba.sk\/en\/wp-json\/wp\/v2\/types\/page"}],"author":[{"embeddable":true,"href":"https:\/\/bpf2023.flaw.uniba.sk\/en\/wp-json\/wp\/v2\/users\/2"}],"replies":[{"embeddable":true,"href":"https:\/\/bpf2023.flaw.uniba.sk\/en\/wp-json\/wp\/v2\/comments?post=878"}],"version-history":[{"count":34,"href":"https:\/\/bpf2023.flaw.uniba.sk\/en\/wp-json\/wp\/v2\/pages\/878\/revisions"}],"predecessor-version":[{"id":1011,"href":"https:\/\/bpf2023.flaw.uniba.sk\/en\/wp-json\/wp\/v2\/pages\/878\/revisions\/1011"}],"wp:attachment":[{"href":"https:\/\/bpf2023.flaw.uniba.sk\/en\/wp-json\/wp\/v2\/media?parent=878"}],"curies":[{"name":"wp","href":"https:\/\/api.w.org\/{rel}","templated":true}]}}