{"id":389,"date":"2021-03-17T13:23:44","date_gmt":"2021-03-17T12:23:44","guid":{"rendered":"https:\/\/bpf.flaw.uniba.sk\/?page_id=389"},"modified":"2023-09-06T13:35:32","modified_gmt":"2023-09-06T11:35:32","slug":"sekcia-pracovneho-prava-a-psz","status":"publish","type":"page","link":"https:\/\/bpf2023.flaw.uniba.sk\/en\/sekcia-pracovneho-prava-a-psz\/","title":{"rendered":"Labour Law and Social Security Law Section"},"content":{"rendered":"<h2 class=\"wp-block-heading alignwide has-text-align-center\">Technological and Ethical Challenges for Labour Law<br>and Social Security Law<\/h2>\n\n\n\n<p class=\"has-drop-cap\">Technological and social development in recent years has been forced and accelerated by numerous and recurring crises. Economic crises, recurring waves of the pandemic, war conflict near the European Union, current but also expected social development bring along a number of questions and challenges for labor law and social security law.<\/p>\n\n\n\n<p><strong>Professional partner of the section:<\/strong><\/p>\n\n\n\n<figure class=\"wp-block-image size-full is-resized\"><img fetchpriority=\"high\" decoding=\"async\" src=\"https:\/\/bpf.flaw.uniba.sk\/wp-content\/uploads\/2023\/09\/narodny-inspektorat-prace.png\" alt=\"\" class=\"wp-image-950\" style=\"width:364px;height:244px\" width=\"364\" height=\"244\" srcset=\"https:\/\/bpf2023.flaw.uniba.sk\/wp-content\/uploads\/2023\/09\/narodny-inspektorat-prace.png 900w, https:\/\/bpf2023.flaw.uniba.sk\/wp-content\/uploads\/2023\/09\/narodny-inspektorat-prace-300x201.png 300w, https:\/\/bpf2023.flaw.uniba.sk\/wp-content\/uploads\/2023\/09\/narodny-inspektorat-prace-768x515.png 768w, https:\/\/bpf2023.flaw.uniba.sk\/wp-content\/uploads\/2023\/09\/narodny-inspektorat-prace-18x12.png 18w\" sizes=\"(max-width: 364px) 100vw, 364px\" \/><\/figure>\n\n\n\n<p><strong>Guarantors of the section:<\/strong><\/p>\n\n\n\n<p>doc. JUDr. Juraj Hamu\u013e\u00e1k, PhD.<\/p>\n\n\n\n<p>JUDr. Pavol Rak, PhD.<\/p>","protected":false},"excerpt":{"rendered":"<p>Technologick\u00e9 a etick\u00e9 v\u00fdzvy pre pracovn\u00e9 pr\u00e1voa pr\u00e1vo soci\u00e1lneho zabezpe\u010denia Technologick\u00fd a spolo\u010densk\u00fd v\u00fdvoj v posledn\u00fdch rokoch bol vyn\u00faten\u00fd a ur\u00fdchlen\u00fd po\u010detn\u00fdmi a opakuj\u00facimi sa kr\u00edzami. Ekonomick\u00e9 kr\u00edzy, opakuj\u00face sa vlny pand\u00e9mie, vojnov\u00fd konflikt v bl\u00edzkosti Eur\u00f3pskej \u00fanie, doteraj\u0161\u00ed ale i o\u010dak\u00e1van\u00fd spolo\u010densk\u00fd v\u00fdvoj so sebou prin\u00e1\u0161aj\u00fa mno\u017estvo ot\u00e1zok a v\u00fdziev pre pracovn\u00e9 pr\u00e1vo a [&hellip;]<\/p>\n","protected":false},"author":2,"featured_media":0,"parent":0,"menu_order":0,"comment_status":"closed","ping_status":"closed","template":"","meta":{"ngg_post_thumbnail":0,"footnotes":""},"class_list":["post-389","page","type-page","status-publish","hentry"],"yoast_head":"<!-- This site is optimized with the Yoast SEO plugin v27.2 - https:\/\/yoast.com\/product\/yoast-seo-wordpress\/ -->\n<title>Sekcia pracovn\u00e9ho pr\u00e1va a\u00a0pr\u00e1va soci\u00e1lneho zabezpe\u010denia - BPF<\/title>\n<meta name=\"robots\" content=\"index, follow, max-snippet:-1, max-image-preview:large, max-video-preview:-1\" \/>\n<link rel=\"canonical\" href=\"https:\/\/bpf2023.flaw.uniba.sk\/en\/sekcia-pracovneho-prava-a-psz\/\" \/>\n<meta property=\"og:locale\" content=\"en_US\" \/>\n<meta property=\"og:type\" content=\"article\" \/>\n<meta property=\"og:title\" content=\"Sekcia pracovn\u00e9ho pr\u00e1va a\u00a0pr\u00e1va soci\u00e1lneho zabezpe\u010denia - BPF\" \/>\n<meta property=\"og:description\" content=\"Technologick\u00e9 a etick\u00e9 v\u00fdzvy pre pracovn\u00e9 pr\u00e1voa pr\u00e1vo soci\u00e1lneho zabezpe\u010denia Technologick\u00fd a spolo\u010densk\u00fd v\u00fdvoj v posledn\u00fdch rokoch bol vyn\u00faten\u00fd a ur\u00fdchlen\u00fd po\u010detn\u00fdmi a opakuj\u00facimi sa kr\u00edzami. Ekonomick\u00e9 kr\u00edzy, opakuj\u00face sa vlny pand\u00e9mie, vojnov\u00fd konflikt v bl\u00edzkosti Eur\u00f3pskej \u00fanie, doteraj\u0161\u00ed ale i o\u010dak\u00e1van\u00fd spolo\u010densk\u00fd v\u00fdvoj so sebou prin\u00e1\u0161aj\u00fa mno\u017estvo ot\u00e1zok a v\u00fdziev pre pracovn\u00e9 pr\u00e1vo a [&hellip;]\" \/>\n<meta property=\"og:url\" content=\"https:\/\/bpf2023.flaw.uniba.sk\/en\/sekcia-pracovneho-prava-a-psz\/\" \/>\n<meta property=\"og:site_name\" content=\"BPF\" \/>\n<meta property=\"article:modified_time\" content=\"2023-09-06T11:35:32+00:00\" \/>\n<meta property=\"og:image\" content=\"https:\/\/bpf.flaw.uniba.sk\/wp-content\/uploads\/2023\/09\/narodny-inspektorat-prace.png\" \/>\n<meta name=\"twitter:card\" content=\"summary_large_image\" \/>\n<meta name=\"twitter:label1\" content=\"Est. reading time\" \/>\n\t<meta name=\"twitter:data1\" content=\"1 minute\" \/>\n<script type=\"application\/ld+json\" class=\"yoast-schema-graph\">{\"@context\":\"https:\/\/schema.org\",\"@graph\":[{\"@type\":\"WebPage\",\"@id\":\"https:\/\/bpf2023.flaw.uniba.sk\/sekcia-pracovneho-prava-a-psz\/\",\"url\":\"https:\/\/bpf2023.flaw.uniba.sk\/sekcia-pracovneho-prava-a-psz\/\",\"name\":\"Sekcia pracovn\u00e9ho pr\u00e1va a\u00a0pr\u00e1va soci\u00e1lneho zabezpe\u010denia - BPF\",\"isPartOf\":{\"@id\":\"https:\/\/bpf2023.flaw.uniba.sk\/#website\"},\"primaryImageOfPage\":{\"@id\":\"https:\/\/bpf2023.flaw.uniba.sk\/sekcia-pracovneho-prava-a-psz\/#primaryimage\"},\"image\":{\"@id\":\"https:\/\/bpf2023.flaw.uniba.sk\/sekcia-pracovneho-prava-a-psz\/#primaryimage\"},\"thumbnailUrl\":\"https:\/\/bpf.flaw.uniba.sk\/wp-content\/uploads\/2023\/09\/narodny-inspektorat-prace.png\",\"datePublished\":\"2021-03-17T12:23:44+00:00\",\"dateModified\":\"2023-09-06T11:35:32+00:00\",\"breadcrumb\":{\"@id\":\"https:\/\/bpf2023.flaw.uniba.sk\/sekcia-pracovneho-prava-a-psz\/#breadcrumb\"},\"inLanguage\":\"en-US\",\"potentialAction\":[{\"@type\":\"ReadAction\",\"target\":[\"https:\/\/bpf2023.flaw.uniba.sk\/sekcia-pracovneho-prava-a-psz\/\"]}]},{\"@type\":\"ImageObject\",\"inLanguage\":\"en-US\",\"@id\":\"https:\/\/bpf2023.flaw.uniba.sk\/sekcia-pracovneho-prava-a-psz\/#primaryimage\",\"url\":\"https:\/\/bpf.flaw.uniba.sk\/wp-content\/uploads\/2023\/09\/narodny-inspektorat-prace.png\",\"contentUrl\":\"https:\/\/bpf.flaw.uniba.sk\/wp-content\/uploads\/2023\/09\/narodny-inspektorat-prace.png\"},{\"@type\":\"BreadcrumbList\",\"@id\":\"https:\/\/bpf2023.flaw.uniba.sk\/sekcia-pracovneho-prava-a-psz\/#breadcrumb\",\"itemListElement\":[{\"@type\":\"ListItem\",\"position\":1,\"name\":\"Home\",\"item\":\"https:\/\/bpf2023.flaw.uniba.sk\/\"},{\"@type\":\"ListItem\",\"position\":2,\"name\":\"Sekcia pracovn\u00e9ho pr\u00e1va a\u00a0pr\u00e1va soci\u00e1lneho zabezpe\u010denia\"}]},{\"@type\":\"WebSite\",\"@id\":\"https:\/\/bpf2023.flaw.uniba.sk\/#website\",\"url\":\"https:\/\/bpf2023.flaw.uniba.sk\/\",\"name\":\"BPF\",\"description\":\"\",\"publisher\":{\"@id\":\"https:\/\/bpf2023.flaw.uniba.sk\/#organization\"},\"potentialAction\":[{\"@type\":\"SearchAction\",\"target\":{\"@type\":\"EntryPoint\",\"urlTemplate\":\"https:\/\/bpf2023.flaw.uniba.sk\/?s={search_term_string}\"},\"query-input\":{\"@type\":\"PropertyValueSpecification\",\"valueRequired\":true,\"valueName\":\"search_term_string\"}}],\"inLanguage\":\"en-US\"},{\"@type\":\"Organization\",\"@id\":\"https:\/\/bpf2023.flaw.uniba.sk\/#organization\",\"name\":\"BPF\",\"url\":\"https:\/\/bpf2023.flaw.uniba.sk\/\",\"logo\":{\"@type\":\"ImageObject\",\"inLanguage\":\"en-US\",\"@id\":\"https:\/\/bpf2023.flaw.uniba.sk\/#\/schema\/logo\/image\/\",\"url\":\"https:\/\/bpf2023.flaw.uniba.sk\/wp-content\/uploads\/2023\/02\/sk-bpf-cb.png\",\"contentUrl\":\"https:\/\/bpf2023.flaw.uniba.sk\/wp-content\/uploads\/2023\/02\/sk-bpf-cb.png\",\"width\":3149,\"height\":1061,\"caption\":\"BPF\"},\"image\":{\"@id\":\"https:\/\/bpf2023.flaw.uniba.sk\/#\/schema\/logo\/image\/\"}}]}<\/script>\n<!-- \/ Yoast SEO plugin. -->","yoast_head_json":{"title":"Sekcia pracovn\u00e9ho pr\u00e1va a\u00a0pr\u00e1va soci\u00e1lneho zabezpe\u010denia - BPF","robots":{"index":"index","follow":"follow","max-snippet":"max-snippet:-1","max-image-preview":"max-image-preview:large","max-video-preview":"max-video-preview:-1"},"canonical":"https:\/\/bpf2023.flaw.uniba.sk\/en\/sekcia-pracovneho-prava-a-psz\/","og_locale":"en_US","og_type":"article","og_title":"Sekcia pracovn\u00e9ho pr\u00e1va a\u00a0pr\u00e1va soci\u00e1lneho zabezpe\u010denia - BPF","og_description":"Technologick\u00e9 a etick\u00e9 v\u00fdzvy pre pracovn\u00e9 pr\u00e1voa pr\u00e1vo soci\u00e1lneho zabezpe\u010denia Technologick\u00fd a spolo\u010densk\u00fd v\u00fdvoj v posledn\u00fdch rokoch bol vyn\u00faten\u00fd a ur\u00fdchlen\u00fd po\u010detn\u00fdmi a opakuj\u00facimi sa kr\u00edzami. Ekonomick\u00e9 kr\u00edzy, opakuj\u00face sa vlny pand\u00e9mie, vojnov\u00fd konflikt v bl\u00edzkosti Eur\u00f3pskej \u00fanie, doteraj\u0161\u00ed ale i o\u010dak\u00e1van\u00fd spolo\u010densk\u00fd v\u00fdvoj so sebou prin\u00e1\u0161aj\u00fa mno\u017estvo ot\u00e1zok a v\u00fdziev pre pracovn\u00e9 pr\u00e1vo a [&hellip;]","og_url":"https:\/\/bpf2023.flaw.uniba.sk\/en\/sekcia-pracovneho-prava-a-psz\/","og_site_name":"BPF","article_modified_time":"2023-09-06T11:35:32+00:00","og_image":[{"url":"https:\/\/bpf.flaw.uniba.sk\/wp-content\/uploads\/2023\/09\/narodny-inspektorat-prace.png","type":"","width":"","height":""}],"twitter_card":"summary_large_image","twitter_misc":{"Est. reading time":"1 minute"},"schema":{"@context":"https:\/\/schema.org","@graph":[{"@type":"WebPage","@id":"https:\/\/bpf2023.flaw.uniba.sk\/sekcia-pracovneho-prava-a-psz\/","url":"https:\/\/bpf2023.flaw.uniba.sk\/sekcia-pracovneho-prava-a-psz\/","name":"Sekcia pracovn\u00e9ho pr\u00e1va a\u00a0pr\u00e1va soci\u00e1lneho zabezpe\u010denia - BPF","isPartOf":{"@id":"https:\/\/bpf2023.flaw.uniba.sk\/#website"},"primaryImageOfPage":{"@id":"https:\/\/bpf2023.flaw.uniba.sk\/sekcia-pracovneho-prava-a-psz\/#primaryimage"},"image":{"@id":"https:\/\/bpf2023.flaw.uniba.sk\/sekcia-pracovneho-prava-a-psz\/#primaryimage"},"thumbnailUrl":"https:\/\/bpf.flaw.uniba.sk\/wp-content\/uploads\/2023\/09\/narodny-inspektorat-prace.png","datePublished":"2021-03-17T12:23:44+00:00","dateModified":"2023-09-06T11:35:32+00:00","breadcrumb":{"@id":"https:\/\/bpf2023.flaw.uniba.sk\/sekcia-pracovneho-prava-a-psz\/#breadcrumb"},"inLanguage":"en-US","potentialAction":[{"@type":"ReadAction","target":["https:\/\/bpf2023.flaw.uniba.sk\/sekcia-pracovneho-prava-a-psz\/"]}]},{"@type":"ImageObject","inLanguage":"en-US","@id":"https:\/\/bpf2023.flaw.uniba.sk\/sekcia-pracovneho-prava-a-psz\/#primaryimage","url":"https:\/\/bpf.flaw.uniba.sk\/wp-content\/uploads\/2023\/09\/narodny-inspektorat-prace.png","contentUrl":"https:\/\/bpf.flaw.uniba.sk\/wp-content\/uploads\/2023\/09\/narodny-inspektorat-prace.png"},{"@type":"BreadcrumbList","@id":"https:\/\/bpf2023.flaw.uniba.sk\/sekcia-pracovneho-prava-a-psz\/#breadcrumb","itemListElement":[{"@type":"ListItem","position":1,"name":"Home","item":"https:\/\/bpf2023.flaw.uniba.sk\/"},{"@type":"ListItem","position":2,"name":"Sekcia pracovn\u00e9ho pr\u00e1va a\u00a0pr\u00e1va soci\u00e1lneho zabezpe\u010denia"}]},{"@type":"WebSite","@id":"https:\/\/bpf2023.flaw.uniba.sk\/#website","url":"https:\/\/bpf2023.flaw.uniba.sk\/","name":"BLF","description":"","publisher":{"@id":"https:\/\/bpf2023.flaw.uniba.sk\/#organization"},"potentialAction":[{"@type":"SearchAction","target":{"@type":"EntryPoint","urlTemplate":"https:\/\/bpf2023.flaw.uniba.sk\/?s={search_term_string}"},"query-input":{"@type":"PropertyValueSpecification","valueRequired":true,"valueName":"search_term_string"}}],"inLanguage":"en-US"},{"@type":"Organization","@id":"https:\/\/bpf2023.flaw.uniba.sk\/#organization","name":"BLF","url":"https:\/\/bpf2023.flaw.uniba.sk\/","logo":{"@type":"ImageObject","inLanguage":"en-US","@id":"https:\/\/bpf2023.flaw.uniba.sk\/#\/schema\/logo\/image\/","url":"https:\/\/bpf2023.flaw.uniba.sk\/wp-content\/uploads\/2023\/02\/sk-bpf-cb.png","contentUrl":"https:\/\/bpf2023.flaw.uniba.sk\/wp-content\/uploads\/2023\/02\/sk-bpf-cb.png","width":3149,"height":1061,"caption":"BPF"},"image":{"@id":"https:\/\/bpf2023.flaw.uniba.sk\/#\/schema\/logo\/image\/"}}]}},"_links":{"self":[{"href":"https:\/\/bpf2023.flaw.uniba.sk\/en\/wp-json\/wp\/v2\/pages\/389","targetHints":{"allow":["GET"]}}],"collection":[{"href":"https:\/\/bpf2023.flaw.uniba.sk\/en\/wp-json\/wp\/v2\/pages"}],"about":[{"href":"https:\/\/bpf2023.flaw.uniba.sk\/en\/wp-json\/wp\/v2\/types\/page"}],"author":[{"embeddable":true,"href":"https:\/\/bpf2023.flaw.uniba.sk\/en\/wp-json\/wp\/v2\/users\/2"}],"replies":[{"embeddable":true,"href":"https:\/\/bpf2023.flaw.uniba.sk\/en\/wp-json\/wp\/v2\/comments?post=389"}],"version-history":[{"count":7,"href":"https:\/\/bpf2023.flaw.uniba.sk\/en\/wp-json\/wp\/v2\/pages\/389\/revisions"}],"predecessor-version":[{"id":951,"href":"https:\/\/bpf2023.flaw.uniba.sk\/en\/wp-json\/wp\/v2\/pages\/389\/revisions\/951"}],"wp:attachment":[{"href":"https:\/\/bpf2023.flaw.uniba.sk\/en\/wp-json\/wp\/v2\/media?parent=389"}],"curies":[{"name":"wp","href":"https:\/\/api.w.org\/{rel}","templated":true}]}}