{"id":374,"date":"2021-03-17T13:20:19","date_gmt":"2021-03-17T12:20:19","guid":{"rendered":"https:\/\/bpf.flaw.uniba.sk\/?page_id=374"},"modified":"2023-08-14T13:25:52","modified_gmt":"2023-08-14T11:25:52","slug":"sekcia-environmentalneho_klimatickeho_prava","status":"publish","type":"page","link":"https:\/\/bpf2023.flaw.uniba.sk\/en\/sekcia-environmentalneho_klimatickeho_prava\/","title":{"rendered":"Environmental and Climate Law Section"},"content":{"rendered":"<h2 class=\"wp-block-heading alignwide has-text-align-center\">Balancing Public and Private Interests in Environmental Protection<\/h2>\n\n\n\n<p>In the field of environmental care, public authorities have an important role - to balance the public interest in environmental protection with private interests. Within the section, we expect contributions that point to the decision-making activity of administrative bodies and courts in the subject area, analyze the legal regulations on the basis of which such interests are balanced, or that analyze individual substantive rights and procedural rights of various associations for the protection of the environment, respectively individuals with the rights of individuals who carry out business activities or protect their property or constitutional rights.<\/p>\n\n\n\n<p><strong>Professional partner of the section:<\/strong><\/p>\n\n\n\n<figure class=\"wp-block-image size-large\"><img fetchpriority=\"high\" decoding=\"async\" width=\"1024\" height=\"496\" src=\"https:\/\/bpf.flaw.uniba.sk\/wp-content\/uploads\/2023\/08\/SIZP-1024x496.png\" alt=\"\" class=\"wp-image-846\" srcset=\"https:\/\/bpf2023.flaw.uniba.sk\/wp-content\/uploads\/2023\/08\/SIZP-1024x496.png 1024w, https:\/\/bpf2023.flaw.uniba.sk\/wp-content\/uploads\/2023\/08\/SIZP-300x145.png 300w, https:\/\/bpf2023.flaw.uniba.sk\/wp-content\/uploads\/2023\/08\/SIZP-768x372.png 768w, https:\/\/bpf2023.flaw.uniba.sk\/wp-content\/uploads\/2023\/08\/SIZP-18x9.png 18w, https:\/\/bpf2023.flaw.uniba.sk\/wp-content\/uploads\/2023\/08\/SIZP-1200x582.png 1200w, https:\/\/bpf2023.flaw.uniba.sk\/wp-content\/uploads\/2023\/08\/SIZP.png 1479w\" sizes=\"(max-width: 1024px) 100vw, 1024px\" \/><\/figure>\n\n\n\n<p><strong>Guarantors of the section:<\/strong><\/p>\n\n\n\n<p>prof. JUDr. M\u00e1ria Srebalov\u00e1, PhD.<\/p>\n\n\n\n<p>Mgr. Ing. J\u00e1n Jen\u010do<\/p>","protected":false},"excerpt":{"rendered":"<p>Vyva\u017eovanie verejn\u00fdch a s\u00fakromn\u00fdch z\u00e1ujmov pri ochrane \u017eivotn\u00e9ho prostredia V oblasti starostlivosti o \u017eivotn\u00e9 prostredie maj\u00fa org\u00e1ny verejnej moci v\u00fdznamn\u00fa \u00falohu \u2013 vyva\u017eova\u0165 verejn\u00fd z\u00e1ujem na ochrane \u017eivotn\u00e9ho prostredia s t\u00fdmi s\u00fakromn\u00fdmi. V r\u00e1mci sekcie o\u010dak\u00e1vame pr\u00edspevky, ktor\u00e9 poukazuj\u00fa na rozhodovaciu \u010dinnos\u0165 spr\u00e1vnych org\u00e1nov a s\u00fadov v predmetnej oblasti, analyzuj\u00fa pr\u00e1vne predpisy, na z\u00e1klade ktor\u00fdch [&hellip;]<\/p>\n","protected":false},"author":2,"featured_media":0,"parent":0,"menu_order":0,"comment_status":"closed","ping_status":"closed","template":"","meta":{"ngg_post_thumbnail":0,"footnotes":""},"class_list":["post-374","page","type-page","status-publish","hentry"],"yoast_head":"<!-- This site is optimized with the Yoast SEO plugin v27.2 - https:\/\/yoast.com\/product\/yoast-seo-wordpress\/ -->\n<title>Sekcia environment\u00e1lneho a\u00a0klimatick\u00e9ho pr\u00e1va - BPF<\/title>\n<meta name=\"robots\" content=\"index, follow, max-snippet:-1, max-image-preview:large, max-video-preview:-1\" \/>\n<link rel=\"canonical\" href=\"https:\/\/bpf2023.flaw.uniba.sk\/en\/sekcia-environmentalneho_klimatickeho_prava\/\" \/>\n<meta property=\"og:locale\" content=\"en_US\" \/>\n<meta property=\"og:type\" content=\"article\" \/>\n<meta property=\"og:title\" content=\"Sekcia environment\u00e1lneho a\u00a0klimatick\u00e9ho pr\u00e1va - BPF\" \/>\n<meta property=\"og:description\" content=\"Vyva\u017eovanie verejn\u00fdch a s\u00fakromn\u00fdch z\u00e1ujmov pri ochrane \u017eivotn\u00e9ho prostredia V oblasti starostlivosti o \u017eivotn\u00e9 prostredie maj\u00fa org\u00e1ny verejnej moci v\u00fdznamn\u00fa \u00falohu \u2013 vyva\u017eova\u0165 verejn\u00fd z\u00e1ujem na ochrane \u017eivotn\u00e9ho prostredia s t\u00fdmi s\u00fakromn\u00fdmi. V r\u00e1mci sekcie o\u010dak\u00e1vame pr\u00edspevky, ktor\u00e9 poukazuj\u00fa na rozhodovaciu \u010dinnos\u0165 spr\u00e1vnych org\u00e1nov a s\u00fadov v predmetnej oblasti, analyzuj\u00fa pr\u00e1vne predpisy, na z\u00e1klade ktor\u00fdch [&hellip;]\" \/>\n<meta property=\"og:url\" content=\"https:\/\/bpf2023.flaw.uniba.sk\/en\/sekcia-environmentalneho_klimatickeho_prava\/\" \/>\n<meta property=\"og:site_name\" content=\"BPF\" \/>\n<meta property=\"article:modified_time\" content=\"2023-08-14T11:25:52+00:00\" \/>\n<meta property=\"og:image\" content=\"https:\/\/bpf.flaw.uniba.sk\/wp-content\/uploads\/2023\/08\/SIZP-1024x496.png\" \/>\n<meta name=\"twitter:card\" content=\"summary_large_image\" \/>\n<meta name=\"twitter:label1\" content=\"Est. reading time\" \/>\n\t<meta name=\"twitter:data1\" content=\"1 minute\" \/>\n<script type=\"application\/ld+json\" class=\"yoast-schema-graph\">{\"@context\":\"https:\/\/schema.org\",\"@graph\":[{\"@type\":\"WebPage\",\"@id\":\"https:\/\/bpf2023.flaw.uniba.sk\/sekcia-environmentalneho_klimatickeho_prava\/\",\"url\":\"https:\/\/bpf2023.flaw.uniba.sk\/sekcia-environmentalneho_klimatickeho_prava\/\",\"name\":\"Sekcia environment\u00e1lneho a\u00a0klimatick\u00e9ho pr\u00e1va - BPF\",\"isPartOf\":{\"@id\":\"https:\/\/bpf2023.flaw.uniba.sk\/#website\"},\"primaryImageOfPage\":{\"@id\":\"https:\/\/bpf2023.flaw.uniba.sk\/sekcia-environmentalneho_klimatickeho_prava\/#primaryimage\"},\"image\":{\"@id\":\"https:\/\/bpf2023.flaw.uniba.sk\/sekcia-environmentalneho_klimatickeho_prava\/#primaryimage\"},\"thumbnailUrl\":\"https:\/\/bpf.flaw.uniba.sk\/wp-content\/uploads\/2023\/08\/SIZP-1024x496.png\",\"datePublished\":\"2021-03-17T12:20:19+00:00\",\"dateModified\":\"2023-08-14T11:25:52+00:00\",\"breadcrumb\":{\"@id\":\"https:\/\/bpf2023.flaw.uniba.sk\/sekcia-environmentalneho_klimatickeho_prava\/#breadcrumb\"},\"inLanguage\":\"en-US\",\"potentialAction\":[{\"@type\":\"ReadAction\",\"target\":[\"https:\/\/bpf2023.flaw.uniba.sk\/sekcia-environmentalneho_klimatickeho_prava\/\"]}]},{\"@type\":\"ImageObject\",\"inLanguage\":\"en-US\",\"@id\":\"https:\/\/bpf2023.flaw.uniba.sk\/sekcia-environmentalneho_klimatickeho_prava\/#primaryimage\",\"url\":\"https:\/\/bpf.flaw.uniba.sk\/wp-content\/uploads\/2023\/08\/SIZP-1024x496.png\",\"contentUrl\":\"https:\/\/bpf.flaw.uniba.sk\/wp-content\/uploads\/2023\/08\/SIZP-1024x496.png\"},{\"@type\":\"BreadcrumbList\",\"@id\":\"https:\/\/bpf2023.flaw.uniba.sk\/sekcia-environmentalneho_klimatickeho_prava\/#breadcrumb\",\"itemListElement\":[{\"@type\":\"ListItem\",\"position\":1,\"name\":\"Home\",\"item\":\"https:\/\/bpf2023.flaw.uniba.sk\/\"},{\"@type\":\"ListItem\",\"position\":2,\"name\":\"Sekcia environment\u00e1lneho a\u00a0klimatick\u00e9ho pr\u00e1va\"}]},{\"@type\":\"WebSite\",\"@id\":\"https:\/\/bpf2023.flaw.uniba.sk\/#website\",\"url\":\"https:\/\/bpf2023.flaw.uniba.sk\/\",\"name\":\"BPF\",\"description\":\"\",\"publisher\":{\"@id\":\"https:\/\/bpf2023.flaw.uniba.sk\/#organization\"},\"potentialAction\":[{\"@type\":\"SearchAction\",\"target\":{\"@type\":\"EntryPoint\",\"urlTemplate\":\"https:\/\/bpf2023.flaw.uniba.sk\/?s={search_term_string}\"},\"query-input\":{\"@type\":\"PropertyValueSpecification\",\"valueRequired\":true,\"valueName\":\"search_term_string\"}}],\"inLanguage\":\"en-US\"},{\"@type\":\"Organization\",\"@id\":\"https:\/\/bpf2023.flaw.uniba.sk\/#organization\",\"name\":\"BPF\",\"url\":\"https:\/\/bpf2023.flaw.uniba.sk\/\",\"logo\":{\"@type\":\"ImageObject\",\"inLanguage\":\"en-US\",\"@id\":\"https:\/\/bpf2023.flaw.uniba.sk\/#\/schema\/logo\/image\/\",\"url\":\"https:\/\/bpf2023.flaw.uniba.sk\/wp-content\/uploads\/2023\/02\/sk-bpf-cb.png\",\"contentUrl\":\"https:\/\/bpf2023.flaw.uniba.sk\/wp-content\/uploads\/2023\/02\/sk-bpf-cb.png\",\"width\":3149,\"height\":1061,\"caption\":\"BPF\"},\"image\":{\"@id\":\"https:\/\/bpf2023.flaw.uniba.sk\/#\/schema\/logo\/image\/\"}}]}<\/script>\n<!-- \/ Yoast SEO plugin. -->","yoast_head_json":{"title":"Sekcia environment\u00e1lneho a\u00a0klimatick\u00e9ho pr\u00e1va - BPF","robots":{"index":"index","follow":"follow","max-snippet":"max-snippet:-1","max-image-preview":"max-image-preview:large","max-video-preview":"max-video-preview:-1"},"canonical":"https:\/\/bpf2023.flaw.uniba.sk\/en\/sekcia-environmentalneho_klimatickeho_prava\/","og_locale":"en_US","og_type":"article","og_title":"Sekcia environment\u00e1lneho a\u00a0klimatick\u00e9ho pr\u00e1va - BPF","og_description":"Vyva\u017eovanie verejn\u00fdch a s\u00fakromn\u00fdch z\u00e1ujmov pri ochrane \u017eivotn\u00e9ho prostredia V oblasti starostlivosti o \u017eivotn\u00e9 prostredie maj\u00fa org\u00e1ny verejnej moci v\u00fdznamn\u00fa \u00falohu \u2013 vyva\u017eova\u0165 verejn\u00fd z\u00e1ujem na ochrane \u017eivotn\u00e9ho prostredia s t\u00fdmi s\u00fakromn\u00fdmi. V r\u00e1mci sekcie o\u010dak\u00e1vame pr\u00edspevky, ktor\u00e9 poukazuj\u00fa na rozhodovaciu \u010dinnos\u0165 spr\u00e1vnych org\u00e1nov a s\u00fadov v predmetnej oblasti, analyzuj\u00fa pr\u00e1vne predpisy, na z\u00e1klade ktor\u00fdch [&hellip;]","og_url":"https:\/\/bpf2023.flaw.uniba.sk\/en\/sekcia-environmentalneho_klimatickeho_prava\/","og_site_name":"BPF","article_modified_time":"2023-08-14T11:25:52+00:00","og_image":[{"url":"https:\/\/bpf.flaw.uniba.sk\/wp-content\/uploads\/2023\/08\/SIZP-1024x496.png","type":"","width":"","height":""}],"twitter_card":"summary_large_image","twitter_misc":{"Est. reading time":"1 minute"},"schema":{"@context":"https:\/\/schema.org","@graph":[{"@type":"WebPage","@id":"https:\/\/bpf2023.flaw.uniba.sk\/sekcia-environmentalneho_klimatickeho_prava\/","url":"https:\/\/bpf2023.flaw.uniba.sk\/sekcia-environmentalneho_klimatickeho_prava\/","name":"Sekcia environment\u00e1lneho a\u00a0klimatick\u00e9ho pr\u00e1va - BPF","isPartOf":{"@id":"https:\/\/bpf2023.flaw.uniba.sk\/#website"},"primaryImageOfPage":{"@id":"https:\/\/bpf2023.flaw.uniba.sk\/sekcia-environmentalneho_klimatickeho_prava\/#primaryimage"},"image":{"@id":"https:\/\/bpf2023.flaw.uniba.sk\/sekcia-environmentalneho_klimatickeho_prava\/#primaryimage"},"thumbnailUrl":"https:\/\/bpf.flaw.uniba.sk\/wp-content\/uploads\/2023\/08\/SIZP-1024x496.png","datePublished":"2021-03-17T12:20:19+00:00","dateModified":"2023-08-14T11:25:52+00:00","breadcrumb":{"@id":"https:\/\/bpf2023.flaw.uniba.sk\/sekcia-environmentalneho_klimatickeho_prava\/#breadcrumb"},"inLanguage":"en-US","potentialAction":[{"@type":"ReadAction","target":["https:\/\/bpf2023.flaw.uniba.sk\/sekcia-environmentalneho_klimatickeho_prava\/"]}]},{"@type":"ImageObject","inLanguage":"en-US","@id":"https:\/\/bpf2023.flaw.uniba.sk\/sekcia-environmentalneho_klimatickeho_prava\/#primaryimage","url":"https:\/\/bpf.flaw.uniba.sk\/wp-content\/uploads\/2023\/08\/SIZP-1024x496.png","contentUrl":"https:\/\/bpf.flaw.uniba.sk\/wp-content\/uploads\/2023\/08\/SIZP-1024x496.png"},{"@type":"BreadcrumbList","@id":"https:\/\/bpf2023.flaw.uniba.sk\/sekcia-environmentalneho_klimatickeho_prava\/#breadcrumb","itemListElement":[{"@type":"ListItem","position":1,"name":"Home","item":"https:\/\/bpf2023.flaw.uniba.sk\/"},{"@type":"ListItem","position":2,"name":"Sekcia environment\u00e1lneho a\u00a0klimatick\u00e9ho pr\u00e1va"}]},{"@type":"WebSite","@id":"https:\/\/bpf2023.flaw.uniba.sk\/#website","url":"https:\/\/bpf2023.flaw.uniba.sk\/","name":"BLF","description":"","publisher":{"@id":"https:\/\/bpf2023.flaw.uniba.sk\/#organization"},"potentialAction":[{"@type":"SearchAction","target":{"@type":"EntryPoint","urlTemplate":"https:\/\/bpf2023.flaw.uniba.sk\/?s={search_term_string}"},"query-input":{"@type":"PropertyValueSpecification","valueRequired":true,"valueName":"search_term_string"}}],"inLanguage":"en-US"},{"@type":"Organization","@id":"https:\/\/bpf2023.flaw.uniba.sk\/#organization","name":"BLF","url":"https:\/\/bpf2023.flaw.uniba.sk\/","logo":{"@type":"ImageObject","inLanguage":"en-US","@id":"https:\/\/bpf2023.flaw.uniba.sk\/#\/schema\/logo\/image\/","url":"https:\/\/bpf2023.flaw.uniba.sk\/wp-content\/uploads\/2023\/02\/sk-bpf-cb.png","contentUrl":"https:\/\/bpf2023.flaw.uniba.sk\/wp-content\/uploads\/2023\/02\/sk-bpf-cb.png","width":3149,"height":1061,"caption":"BPF"},"image":{"@id":"https:\/\/bpf2023.flaw.uniba.sk\/#\/schema\/logo\/image\/"}}]}},"_links":{"self":[{"href":"https:\/\/bpf2023.flaw.uniba.sk\/en\/wp-json\/wp\/v2\/pages\/374","targetHints":{"allow":["GET"]}}],"collection":[{"href":"https:\/\/bpf2023.flaw.uniba.sk\/en\/wp-json\/wp\/v2\/pages"}],"about":[{"href":"https:\/\/bpf2023.flaw.uniba.sk\/en\/wp-json\/wp\/v2\/types\/page"}],"author":[{"embeddable":true,"href":"https:\/\/bpf2023.flaw.uniba.sk\/en\/wp-json\/wp\/v2\/users\/2"}],"replies":[{"embeddable":true,"href":"https:\/\/bpf2023.flaw.uniba.sk\/en\/wp-json\/wp\/v2\/comments?post=374"}],"version-history":[{"count":5,"href":"https:\/\/bpf2023.flaw.uniba.sk\/en\/wp-json\/wp\/v2\/pages\/374\/revisions"}],"predecessor-version":[{"id":847,"href":"https:\/\/bpf2023.flaw.uniba.sk\/en\/wp-json\/wp\/v2\/pages\/374\/revisions\/847"}],"wp:attachment":[{"href":"https:\/\/bpf2023.flaw.uniba.sk\/en\/wp-json\/wp\/v2\/media?parent=374"}],"curies":[{"name":"wp","href":"https:\/\/api.w.org\/{rel}","templated":true}]}}