{"id":354,"date":"2021-03-17T13:15:42","date_gmt":"2021-03-17T12:15:42","guid":{"rendered":"https:\/\/bpf.flaw.uniba.sk\/?page_id=354"},"modified":"2023-09-08T14:15:01","modified_gmt":"2023-09-08T12:15:01","slug":"sekcia-medzinarodneho-prava-a-medzinarodnych-vztahov","status":"publish","type":"page","link":"https:\/\/bpf2023.flaw.uniba.sk\/en\/sekcia-medzinarodneho-prava-a-medzinarodnych-vztahov\/","title":{"rendered":"International Law and International Relations Section"},"content":{"rendered":"<h2 class=\"wp-block-heading alignwide has-text-align-center\">Rule of Law in International Law and International Law in the Rule of Law<\/h2>\n\n\n\n<p><\/p>\n\n\n\n<p class=\"has-drop-cap\">The rule of law is a value that is typical for a civilised society. Consequently, the rule of law and its principles are respected at international, supranational and national levels. Their importance is not and cannot be questioned by anyone or anything. The International Law Section aspires to be a forum for scientific debate on what is the place for the rule of law within international law (both public and private), but equally what should be the place of international law and the obligations arising from it within the existing rule of law.<\/p>\n\n\n\n<p><strong>Professional partner of the section:<\/strong><\/p>\n\n\n\n<figure class=\"wp-block-image size-full\"><img fetchpriority=\"high\" decoding=\"async\" width=\"493\" height=\"144\" src=\"https:\/\/bpf.flaw.uniba.sk\/wp-content\/uploads\/2023\/09\/logo_MZVaEZ_SR_SK_color.png\" alt=\"\" class=\"wp-image-992\" srcset=\"https:\/\/bpf2023.flaw.uniba.sk\/wp-content\/uploads\/2023\/09\/logo_MZVaEZ_SR_SK_color.png 493w, https:\/\/bpf2023.flaw.uniba.sk\/wp-content\/uploads\/2023\/09\/logo_MZVaEZ_SR_SK_color-300x88.png 300w, https:\/\/bpf2023.flaw.uniba.sk\/wp-content\/uploads\/2023\/09\/logo_MZVaEZ_SR_SK_color-18x5.png 18w\" sizes=\"(max-width: 493px) 100vw, 493px\" \/><\/figure>\n\n\n\n<p><strong>Guarantors of the section:<\/strong><\/p>\n\n\n\n<p>prof. JUDr. J\u00e1n Sv\u00e1k, DrSc.<\/p>\n\n\n\n<p>prof. JUDr. PhDr. Miroslav Sla\u0161\u0165an, PhD.<\/p>\n\n\n\n<p>doc. JUDr. Peter Lysina, PhD.<\/p>","protected":false},"excerpt":{"rendered":"<p>Pr\u00e1vny \u0161t\u00e1t v medzin\u00e1rodnom pr\u00e1ve a medzin\u00e1rodn\u00e9 pr\u00e1vo v pr\u00e1vnom \u0161t\u00e1te Pr\u00e1vny \u0161t\u00e1t predstavuje hodnotu, ktor\u00e1 je pr\u00edzna\u010dn\u00e1 pre civilizovan\u00fa spolo\u010dnos\u0165. V nadv\u00e4znosti na to princ\u00edpy pr\u00e1vneho \u0161t\u00e1tu s\u00fa re\u0161pektovan\u00e9 na medzin\u00e1rodnej, nadn\u00e1rodnej i vn\u00fatro\u0161t\u00e1tnej \u00farovni. Ich v\u00fdznam nie je a nem\u00f4\u017ee by\u0165 nik\u00fdm a ni\u010d\u00edm spochyb\u0148ovan\u00fd. Sekcia medzin\u00e1rodn\u00e9ho pr\u00e1va m\u00e1 amb\u00edciu by\u0165 f\u00f3rom pre [&hellip;]<\/p>\n","protected":false},"author":2,"featured_media":0,"parent":0,"menu_order":0,"comment_status":"closed","ping_status":"closed","template":"","meta":{"ngg_post_thumbnail":0,"footnotes":""},"class_list":["post-354","page","type-page","status-publish","hentry"],"yoast_head":"<!-- This site is optimized with the Yoast SEO plugin v27.2 - https:\/\/yoast.com\/product\/yoast-seo-wordpress\/ -->\n<title>Sekcia medzin\u00e1rodn\u00e9ho pr\u00e1va a medzin\u00e1rodn\u00fdch vz\u0165ahov - BPF<\/title>\n<meta name=\"robots\" content=\"index, follow, max-snippet:-1, max-image-preview:large, max-video-preview:-1\" \/>\n<link rel=\"canonical\" href=\"https:\/\/bpf2023.flaw.uniba.sk\/en\/sekcia-medzinarodneho-prava-a-medzinarodnych-vztahov\/\" \/>\n<meta property=\"og:locale\" content=\"en_US\" \/>\n<meta property=\"og:type\" content=\"article\" \/>\n<meta property=\"og:title\" content=\"Sekcia medzin\u00e1rodn\u00e9ho pr\u00e1va a medzin\u00e1rodn\u00fdch vz\u0165ahov - BPF\" \/>\n<meta property=\"og:description\" content=\"Pr\u00e1vny \u0161t\u00e1t v medzin\u00e1rodnom pr\u00e1ve a medzin\u00e1rodn\u00e9 pr\u00e1vo v pr\u00e1vnom \u0161t\u00e1te Pr\u00e1vny \u0161t\u00e1t predstavuje hodnotu, ktor\u00e1 je pr\u00edzna\u010dn\u00e1 pre civilizovan\u00fa spolo\u010dnos\u0165. V nadv\u00e4znosti na to princ\u00edpy pr\u00e1vneho \u0161t\u00e1tu s\u00fa re\u0161pektovan\u00e9 na medzin\u00e1rodnej, nadn\u00e1rodnej i vn\u00fatro\u0161t\u00e1tnej \u00farovni. Ich v\u00fdznam nie je a nem\u00f4\u017ee by\u0165 nik\u00fdm a ni\u010d\u00edm spochyb\u0148ovan\u00fd. Sekcia medzin\u00e1rodn\u00e9ho pr\u00e1va m\u00e1 amb\u00edciu by\u0165 f\u00f3rom pre [&hellip;]\" \/>\n<meta property=\"og:url\" content=\"https:\/\/bpf2023.flaw.uniba.sk\/en\/sekcia-medzinarodneho-prava-a-medzinarodnych-vztahov\/\" \/>\n<meta property=\"og:site_name\" content=\"BPF\" \/>\n<meta property=\"article:modified_time\" content=\"2023-09-08T12:15:01+00:00\" \/>\n<meta property=\"og:image\" content=\"https:\/\/bpf.flaw.uniba.sk\/wp-content\/uploads\/2023\/09\/logo_MZVaEZ_SR_SK_color.png\" \/>\n<meta name=\"twitter:card\" content=\"summary_large_image\" \/>\n<meta name=\"twitter:label1\" content=\"Est. reading time\" \/>\n\t<meta name=\"twitter:data1\" content=\"1 minute\" \/>\n<script type=\"application\/ld+json\" class=\"yoast-schema-graph\">{\"@context\":\"https:\/\/schema.org\",\"@graph\":[{\"@type\":\"WebPage\",\"@id\":\"https:\/\/bpf2023.flaw.uniba.sk\/sekcia-medzinarodneho-prava-a-medzinarodnych-vztahov\/\",\"url\":\"https:\/\/bpf2023.flaw.uniba.sk\/sekcia-medzinarodneho-prava-a-medzinarodnych-vztahov\/\",\"name\":\"Sekcia medzin\u00e1rodn\u00e9ho pr\u00e1va a medzin\u00e1rodn\u00fdch vz\u0165ahov - BPF\",\"isPartOf\":{\"@id\":\"https:\/\/bpf2023.flaw.uniba.sk\/#website\"},\"primaryImageOfPage\":{\"@id\":\"https:\/\/bpf2023.flaw.uniba.sk\/sekcia-medzinarodneho-prava-a-medzinarodnych-vztahov\/#primaryimage\"},\"image\":{\"@id\":\"https:\/\/bpf2023.flaw.uniba.sk\/sekcia-medzinarodneho-prava-a-medzinarodnych-vztahov\/#primaryimage\"},\"thumbnailUrl\":\"https:\/\/bpf.flaw.uniba.sk\/wp-content\/uploads\/2023\/09\/logo_MZVaEZ_SR_SK_color.png\",\"datePublished\":\"2021-03-17T12:15:42+00:00\",\"dateModified\":\"2023-09-08T12:15:01+00:00\",\"breadcrumb\":{\"@id\":\"https:\/\/bpf2023.flaw.uniba.sk\/sekcia-medzinarodneho-prava-a-medzinarodnych-vztahov\/#breadcrumb\"},\"inLanguage\":\"en-US\",\"potentialAction\":[{\"@type\":\"ReadAction\",\"target\":[\"https:\/\/bpf2023.flaw.uniba.sk\/sekcia-medzinarodneho-prava-a-medzinarodnych-vztahov\/\"]}]},{\"@type\":\"ImageObject\",\"inLanguage\":\"en-US\",\"@id\":\"https:\/\/bpf2023.flaw.uniba.sk\/sekcia-medzinarodneho-prava-a-medzinarodnych-vztahov\/#primaryimage\",\"url\":\"https:\/\/bpf.flaw.uniba.sk\/wp-content\/uploads\/2023\/09\/logo_MZVaEZ_SR_SK_color.png\",\"contentUrl\":\"https:\/\/bpf.flaw.uniba.sk\/wp-content\/uploads\/2023\/09\/logo_MZVaEZ_SR_SK_color.png\"},{\"@type\":\"BreadcrumbList\",\"@id\":\"https:\/\/bpf2023.flaw.uniba.sk\/sekcia-medzinarodneho-prava-a-medzinarodnych-vztahov\/#breadcrumb\",\"itemListElement\":[{\"@type\":\"ListItem\",\"position\":1,\"name\":\"Home\",\"item\":\"https:\/\/bpf2023.flaw.uniba.sk\/\"},{\"@type\":\"ListItem\",\"position\":2,\"name\":\"Sekcia medzin\u00e1rodn\u00e9ho pr\u00e1va a medzin\u00e1rodn\u00fdch vz\u0165ahov\"}]},{\"@type\":\"WebSite\",\"@id\":\"https:\/\/bpf2023.flaw.uniba.sk\/#website\",\"url\":\"https:\/\/bpf2023.flaw.uniba.sk\/\",\"name\":\"BPF\",\"description\":\"\",\"publisher\":{\"@id\":\"https:\/\/bpf2023.flaw.uniba.sk\/#organization\"},\"potentialAction\":[{\"@type\":\"SearchAction\",\"target\":{\"@type\":\"EntryPoint\",\"urlTemplate\":\"https:\/\/bpf2023.flaw.uniba.sk\/?s={search_term_string}\"},\"query-input\":{\"@type\":\"PropertyValueSpecification\",\"valueRequired\":true,\"valueName\":\"search_term_string\"}}],\"inLanguage\":\"en-US\"},{\"@type\":\"Organization\",\"@id\":\"https:\/\/bpf2023.flaw.uniba.sk\/#organization\",\"name\":\"BPF\",\"url\":\"https:\/\/bpf2023.flaw.uniba.sk\/\",\"logo\":{\"@type\":\"ImageObject\",\"inLanguage\":\"en-US\",\"@id\":\"https:\/\/bpf2023.flaw.uniba.sk\/#\/schema\/logo\/image\/\",\"url\":\"https:\/\/bpf2023.flaw.uniba.sk\/wp-content\/uploads\/2023\/02\/sk-bpf-cb.png\",\"contentUrl\":\"https:\/\/bpf2023.flaw.uniba.sk\/wp-content\/uploads\/2023\/02\/sk-bpf-cb.png\",\"width\":3149,\"height\":1061,\"caption\":\"BPF\"},\"image\":{\"@id\":\"https:\/\/bpf2023.flaw.uniba.sk\/#\/schema\/logo\/image\/\"}}]}<\/script>\n<!-- \/ Yoast SEO plugin. -->","yoast_head_json":{"title":"Sekcia medzin\u00e1rodn\u00e9ho pr\u00e1va a medzin\u00e1rodn\u00fdch vz\u0165ahov - BPF","robots":{"index":"index","follow":"follow","max-snippet":"max-snippet:-1","max-image-preview":"max-image-preview:large","max-video-preview":"max-video-preview:-1"},"canonical":"https:\/\/bpf2023.flaw.uniba.sk\/en\/sekcia-medzinarodneho-prava-a-medzinarodnych-vztahov\/","og_locale":"en_US","og_type":"article","og_title":"Sekcia medzin\u00e1rodn\u00e9ho pr\u00e1va a medzin\u00e1rodn\u00fdch vz\u0165ahov - BPF","og_description":"Pr\u00e1vny \u0161t\u00e1t v medzin\u00e1rodnom pr\u00e1ve a medzin\u00e1rodn\u00e9 pr\u00e1vo v pr\u00e1vnom \u0161t\u00e1te Pr\u00e1vny \u0161t\u00e1t predstavuje hodnotu, ktor\u00e1 je pr\u00edzna\u010dn\u00e1 pre civilizovan\u00fa spolo\u010dnos\u0165. V nadv\u00e4znosti na to princ\u00edpy pr\u00e1vneho \u0161t\u00e1tu s\u00fa re\u0161pektovan\u00e9 na medzin\u00e1rodnej, nadn\u00e1rodnej i vn\u00fatro\u0161t\u00e1tnej \u00farovni. Ich v\u00fdznam nie je a nem\u00f4\u017ee by\u0165 nik\u00fdm a ni\u010d\u00edm spochyb\u0148ovan\u00fd. Sekcia medzin\u00e1rodn\u00e9ho pr\u00e1va m\u00e1 amb\u00edciu by\u0165 f\u00f3rom pre [&hellip;]","og_url":"https:\/\/bpf2023.flaw.uniba.sk\/en\/sekcia-medzinarodneho-prava-a-medzinarodnych-vztahov\/","og_site_name":"BPF","article_modified_time":"2023-09-08T12:15:01+00:00","og_image":[{"url":"https:\/\/bpf.flaw.uniba.sk\/wp-content\/uploads\/2023\/09\/logo_MZVaEZ_SR_SK_color.png","type":"","width":"","height":""}],"twitter_card":"summary_large_image","twitter_misc":{"Est. reading time":"1 minute"},"schema":{"@context":"https:\/\/schema.org","@graph":[{"@type":"WebPage","@id":"https:\/\/bpf2023.flaw.uniba.sk\/sekcia-medzinarodneho-prava-a-medzinarodnych-vztahov\/","url":"https:\/\/bpf2023.flaw.uniba.sk\/sekcia-medzinarodneho-prava-a-medzinarodnych-vztahov\/","name":"Sekcia medzin\u00e1rodn\u00e9ho pr\u00e1va a medzin\u00e1rodn\u00fdch vz\u0165ahov - BPF","isPartOf":{"@id":"https:\/\/bpf2023.flaw.uniba.sk\/#website"},"primaryImageOfPage":{"@id":"https:\/\/bpf2023.flaw.uniba.sk\/sekcia-medzinarodneho-prava-a-medzinarodnych-vztahov\/#primaryimage"},"image":{"@id":"https:\/\/bpf2023.flaw.uniba.sk\/sekcia-medzinarodneho-prava-a-medzinarodnych-vztahov\/#primaryimage"},"thumbnailUrl":"https:\/\/bpf.flaw.uniba.sk\/wp-content\/uploads\/2023\/09\/logo_MZVaEZ_SR_SK_color.png","datePublished":"2021-03-17T12:15:42+00:00","dateModified":"2023-09-08T12:15:01+00:00","breadcrumb":{"@id":"https:\/\/bpf2023.flaw.uniba.sk\/sekcia-medzinarodneho-prava-a-medzinarodnych-vztahov\/#breadcrumb"},"inLanguage":"en-US","potentialAction":[{"@type":"ReadAction","target":["https:\/\/bpf2023.flaw.uniba.sk\/sekcia-medzinarodneho-prava-a-medzinarodnych-vztahov\/"]}]},{"@type":"ImageObject","inLanguage":"en-US","@id":"https:\/\/bpf2023.flaw.uniba.sk\/sekcia-medzinarodneho-prava-a-medzinarodnych-vztahov\/#primaryimage","url":"https:\/\/bpf.flaw.uniba.sk\/wp-content\/uploads\/2023\/09\/logo_MZVaEZ_SR_SK_color.png","contentUrl":"https:\/\/bpf.flaw.uniba.sk\/wp-content\/uploads\/2023\/09\/logo_MZVaEZ_SR_SK_color.png"},{"@type":"BreadcrumbList","@id":"https:\/\/bpf2023.flaw.uniba.sk\/sekcia-medzinarodneho-prava-a-medzinarodnych-vztahov\/#breadcrumb","itemListElement":[{"@type":"ListItem","position":1,"name":"Home","item":"https:\/\/bpf2023.flaw.uniba.sk\/"},{"@type":"ListItem","position":2,"name":"Sekcia medzin\u00e1rodn\u00e9ho pr\u00e1va a medzin\u00e1rodn\u00fdch vz\u0165ahov"}]},{"@type":"WebSite","@id":"https:\/\/bpf2023.flaw.uniba.sk\/#website","url":"https:\/\/bpf2023.flaw.uniba.sk\/","name":"BLF","description":"","publisher":{"@id":"https:\/\/bpf2023.flaw.uniba.sk\/#organization"},"potentialAction":[{"@type":"SearchAction","target":{"@type":"EntryPoint","urlTemplate":"https:\/\/bpf2023.flaw.uniba.sk\/?s={search_term_string}"},"query-input":{"@type":"PropertyValueSpecification","valueRequired":true,"valueName":"search_term_string"}}],"inLanguage":"en-US"},{"@type":"Organization","@id":"https:\/\/bpf2023.flaw.uniba.sk\/#organization","name":"BLF","url":"https:\/\/bpf2023.flaw.uniba.sk\/","logo":{"@type":"ImageObject","inLanguage":"en-US","@id":"https:\/\/bpf2023.flaw.uniba.sk\/#\/schema\/logo\/image\/","url":"https:\/\/bpf2023.flaw.uniba.sk\/wp-content\/uploads\/2023\/02\/sk-bpf-cb.png","contentUrl":"https:\/\/bpf2023.flaw.uniba.sk\/wp-content\/uploads\/2023\/02\/sk-bpf-cb.png","width":3149,"height":1061,"caption":"BPF"},"image":{"@id":"https:\/\/bpf2023.flaw.uniba.sk\/#\/schema\/logo\/image\/"}}]}},"_links":{"self":[{"href":"https:\/\/bpf2023.flaw.uniba.sk\/en\/wp-json\/wp\/v2\/pages\/354","targetHints":{"allow":["GET"]}}],"collection":[{"href":"https:\/\/bpf2023.flaw.uniba.sk\/en\/wp-json\/wp\/v2\/pages"}],"about":[{"href":"https:\/\/bpf2023.flaw.uniba.sk\/en\/wp-json\/wp\/v2\/types\/page"}],"author":[{"embeddable":true,"href":"https:\/\/bpf2023.flaw.uniba.sk\/en\/wp-json\/wp\/v2\/users\/2"}],"replies":[{"embeddable":true,"href":"https:\/\/bpf2023.flaw.uniba.sk\/en\/wp-json\/wp\/v2\/comments?post=354"}],"version-history":[{"count":7,"href":"https:\/\/bpf2023.flaw.uniba.sk\/en\/wp-json\/wp\/v2\/pages\/354\/revisions"}],"predecessor-version":[{"id":995,"href":"https:\/\/bpf2023.flaw.uniba.sk\/en\/wp-json\/wp\/v2\/pages\/354\/revisions\/995"}],"wp:attachment":[{"href":"https:\/\/bpf2023.flaw.uniba.sk\/en\/wp-json\/wp\/v2\/media?parent=354"}],"curies":[{"name":"wp","href":"https:\/\/api.w.org\/{rel}","templated":true}]}}